{"id":1721,"date":"2022-11-28T12:37:27","date_gmt":"2022-11-28T11:37:27","guid":{"rendered":"https:\/\/anwaelte-da.de\/home\/"},"modified":"2025-08-20T09:03:07","modified_gmt":"2025-08-20T08:03:07","slug":"home","status":"publish","type":"page","link":"https:\/\/anwaelte-da.de\/en\/","title":{"rendered":"Home"},"content":{"rendered":"<div id='full_slider_1'  class='avia-fullwidth-slider main_color avia-shadow   avia-builder-el-0  el_before_av_section  avia-builder-el-first   container_wrap sidebar_right'  ><div  class='avia-slideshow av-lc7g9sxz-1f31f379122ded72491f495ee814709c avia-slideshow-no scaling av_slideshow_full avia-fade-slider av-slideshow-ui av-control-hidden av-no-slider-navigation av-hide-nav-arrows av-slideshow-manual av-loop-once av-loop-manual-endless av-default-height-applied   avia-slideshow-1' data-slideshow-options=\"{&quot;animation&quot;:&quot;fade&quot;,&quot;autoplay&quot;:false,&quot;loop_autoplay&quot;:&quot;once&quot;,&quot;interval&quot;:5,&quot;loop_manual&quot;:&quot;manual-endless&quot;,&quot;autoplay_stopper&quot;:false,&quot;noNavigation&quot;:true,&quot;bg_slider&quot;:false,&quot;keep_padding&quot;:false,&quot;hoverpause&quot;:false,&quot;show_slide_delay&quot;:0}\"  itemprop=\"image\" itemscope=\"itemscope\" itemtype=\"https:\/\/schema.org\/ImageObject\" ><ul class='avia-slideshow-inner ' style='padding-bottom: 33.88671875%;'><li  class='avia-slideshow-slide av-lc7g9sxz-1f31f379122ded72491f495ee814709c__0  av-single-slide slide-1 slide-odd'><div data-rel='slideshow-1' class='avia-slide-wrap '   ><img decoding=\"async\" fetchpriority=\"high\" class=\"wp-image-2139 avia-img-lazy-loading-not-2139\"  src=\"https:\/\/anwaelte-da.de\/wp-content\/uploads\/2025\/08\/background.jpg\" width=\"2048\" height=\"694\" title='background' alt=''  itemprop=\"thumbnailUrl\" srcset=\"https:\/\/anwaelte-da.de\/wp-content\/uploads\/2025\/08\/background.jpg 2048w, https:\/\/anwaelte-da.de\/wp-content\/uploads\/2025\/08\/background-300x102.jpg 300w, https:\/\/anwaelte-da.de\/wp-content\/uploads\/2025\/08\/background-1030x349.jpg 1030w, https:\/\/anwaelte-da.de\/wp-content\/uploads\/2025\/08\/background-768x260.jpg 768w, https:\/\/anwaelte-da.de\/wp-content\/uploads\/2025\/08\/background-1536x521.jpg 1536w, https:\/\/anwaelte-da.de\/wp-content\/uploads\/2025\/08\/background-1500x508.jpg 1500w, https:\/\/anwaelte-da.de\/wp-content\/uploads\/2025\/08\/background-705x239.jpg 705w\" sizes=\"(max-width: 2048px) 100vw, 2048px\" \/><\/div><\/li><\/ul><\/div><\/div>\n\n<style type=\"text\/css\" data-created_by=\"avia_inline_auto\" id=\"style-css-av-9iae1-162d0a3ed8e32da8df6b693f965c1386\">\n.avia-section.av-9iae1-162d0a3ed8e32da8df6b693f965c1386 .av-extra-border-element .av-extra-border-inner{\nbackground-color:#ffffff;\n}\n<\/style>\n<div id='av_section_1'  class='avia-section av-9iae1-162d0a3ed8e32da8df6b693f965c1386 main_color avia-section-large avia-no-border-styling  avia-builder-el-1  el_after_av_slideshow_full  el_before_av_section  avia-bg-style-scroll av-arrow-down-section container_wrap sidebar_right'  ><div class='container av-section-cont-open' ><div class='template-page content  av-content-small alpha units'><div class='post-entry post-entry-type-page post-entry-1721'><div class='entry-content-wrapper clearfix'>\n<div  class='flex_column av-2dgd35-a72fd3134cddef43d2a931ecb6297447 av_one_full  avia-builder-el-2  el_before_av_hr  avia-builder-el-first  first flex_column_div  '     ><section  class='av_textblock_section av-lb2m7f08-bb88a89035e189165b3eedb107b6f206 '   itemscope=\"itemscope\" itemtype=\"https:\/\/schema.org\/CreativeWork\" ><div class='avia_textblock'  itemprop=\"text\" ><h2>At your side since 1925<\/h2>\n<h3 style=\"font-weight: 300;\">Founded in 1925, our law firm currently consists of eleven attorneys, six of whom are also notaries. Our professional focus is on civil, administrative, commercial and corporate law.<\/h3>\n<p>The structure of our law firm, which enjoys an excellent reputation beyond the borders of southern Hesse, allows for a wide range of specialisations.<\/p>\n<p>Most of our attorneys are specialists in various fields of law, such as labor law, construction and architectural law, inheritance law, family law, intellectual property law, commercial and corporate law, landlord and tenant law, tax law and administrative law.<\/p>\n<p>In addition, there are numerous other individual fields of work, including scientific publications and lectures.<\/p>\n<\/div><\/section><\/div>\n<style type=\"text\/css\" data-created_by=\"avia_inline_auto\" id=\"style-css-av-lbui2oe0-0798ed7c671458e3ffad010e43c90d22\">\n#top .hr.hr-invisible.av-lbui2oe0-0798ed7c671458e3ffad010e43c90d22{\nheight:50px;\n}\n<\/style>\n<div  class='hr av-lbui2oe0-0798ed7c671458e3ffad010e43c90d22 hr-invisible  avia-builder-el-4  el_after_av_one_full  el_before_av_textblock  hr-clear'><span class='hr-inner '><span class=\"hr-inner-style\"><\/span><\/span><\/div>\n\n<style type=\"text\/css\" data-created_by=\"avia_inline_auto\" id=\"style-css-av-lbuhz7m8-fa5b60e930440d19e4045547c285e560\">\n#top .av_textblock_section.av-lbuhz7m8-fa5b60e930440d19e4045547c285e560 .avia_textblock{\ncolor:#0b3761;\n}\n<\/style>\n<section  class='av_textblock_section av-lbuhz7m8-fa5b60e930440d19e4045547c285e560 '   itemscope=\"itemscope\" itemtype=\"https:\/\/schema.org\/CreativeWork\" ><div class='avia_textblock av_inherit_color'  itemprop=\"text\" ><h3>Learn more<\/h3>\n<\/div><\/section>\n<div id='nav-masonry' class='av-masonry av-lbui227v-848d824e90a96eca3f9bbe7273f3e133 noHover av-fixed-size av-large-gap av-hover-overlay-active av-masonry-animation-active av-masonry-col-4 av-caption-always av-caption-style-overlay av-masonry-gallery av-orientation-square ' data-post_id=\"1721\"><div class=\"av-masonry-container isotope av-js-disabled\"><div class='av-masonry-entry isotope-item av-masonry-item-no-image '><\/div><a href=\"https:\/\/anwaelte-da.de\/en\/law-firm\/\"  aria-label=\"image Our Firm\"  id='av-masonry-1-item-1655' data-av-masonry-item='1655' class='av-masonry-entry isotope-item post-1655 attachment type-attachment status-inherit hentry  av-masonry-item-with-image' title=\"Our Firm\" alt=\"\"  data-av-masonry-custom-link=\"https:\/\/anwaelte-da.de\/en\/law-firm\/\"  itemprop=\"thumbnailUrl\" ><div class='av-inner-masonry-sizer'><\/div><figure class='av-inner-masonry main_color'><div class=\"av-masonry-outerimage-container\"><div class='av-masonry-image-container' style=\"background-image: url(https:\/\/anwaelte-da.de\/wp-content\/uploads\/2022\/12\/kanzlei_1920-705x184.jpg);\"  title=\"Our Firm\" ><\/div><\/div><figcaption class='av-inner-masonry-content site-background'><div class='av-inner-masonry-content-pos'><div class='av-inner-masonry-content-pos-content'><div class='avia-arrow'><\/div><div class='av-masonry-entry-content entry-content'  itemprop=\"text\" >Our Firm<\/div><\/div><\/div><\/figcaption><\/figure><\/a><!--end av-masonry entry--><a href=\"https:\/\/anwaelte-da.de\/en\/lawyers-specialized-attorneys\/\"  aria-label=\"image Our Lawyers &#038; Specialized Attorneys\"  id='av-masonry-1-item-1654' data-av-masonry-item='1654' class='av-masonry-entry isotope-item post-1654 attachment type-attachment status-inherit hentry  av-masonry-item-with-image' title=\"Our Lawyers &#038; Specialized Attorneys\" alt=\"\"  data-av-masonry-custom-link=\"https:\/\/anwaelte-da.de\/en\/lawyers-specialized-attorneys\/\"  itemprop=\"thumbnailUrl\" ><div class='av-inner-masonry-sizer'><\/div><figure class='av-inner-masonry main_color'><div class=\"av-masonry-outerimage-container\"><div class='av-masonry-image-container' style=\"background-image: url(https:\/\/anwaelte-da.de\/wp-content\/uploads\/2022\/12\/fg-anwaelte_1920-705x184.jpg);\"  title=\"Our Lawyers &#038; Specialized Attorneys\" ><\/div><\/div><figcaption class='av-inner-masonry-content site-background'><div class='av-inner-masonry-content-pos'><div class='av-inner-masonry-content-pos-content'><div class='avia-arrow'><\/div><div class='av-masonry-entry-content entry-content'  itemprop=\"text\" >Our Lawyers & Specialized Attorneys<\/div><\/div><\/div><\/figcaption><\/figure><\/a><!--end av-masonry entry--><a href=\"https:\/\/anwaelte-da.de\/en\/notaries\/\"  aria-label=\"image Our Notaries\"  id='av-masonry-1-item-1608' data-av-masonry-item='1608' class='av-masonry-entry isotope-item post-1608 attachment type-attachment status-inherit hentry  av-masonry-item-with-image' title=\"Our Notaries\" alt=\"\"  data-av-masonry-custom-link=\"https:\/\/anwaelte-da.de\/en\/notaries\/\"  itemprop=\"thumbnailUrl\" ><div class='av-inner-masonry-sizer'><\/div><figure class='av-inner-masonry main_color'><div class=\"av-masonry-outerimage-container\"><div class='av-masonry-image-container' style=\"background-image: url(https:\/\/anwaelte-da.de\/wp-content\/uploads\/2022\/11\/verwaltungsrecht2-1-705x529.jpg);\"  title=\"Our Notaries\" ><\/div><\/div><figcaption class='av-inner-masonry-content site-background'><div class='av-inner-masonry-content-pos'><div class='av-inner-masonry-content-pos-content'><div class='avia-arrow'><\/div><div class='av-masonry-entry-content entry-content'  itemprop=\"text\" >Our Notaries<\/div><\/div><\/div><\/figcaption><\/figure><\/a><!--end av-masonry entry--><a href=\"https:\/\/anwaelte-da.de\/en\/fields-of-expertise\/\"  aria-label=\"image Fields of expertise\"  id='av-masonry-1-item-1631' data-av-masonry-item='1631' class='av-masonry-entry isotope-item post-1631 attachment type-attachment status-inherit hentry  av-masonry-item-with-image' title=\"Fields of expertise\" alt=\"\"  data-av-masonry-custom-link=\"https:\/\/anwaelte-da.de\/en\/fields-of-expertise\/\"  itemprop=\"thumbnailUrl\" ><div class='av-inner-masonry-sizer'><\/div><figure class='av-inner-masonry main_color'><div class=\"av-masonry-outerimage-container\"><div class='av-masonry-image-container' style=\"background-image: url(https:\/\/anwaelte-da.de\/wp-content\/uploads\/2022\/11\/strafrecht-705x334.jpg);\"  title=\"Fields of expertise\" ><\/div><\/div><figcaption class='av-inner-masonry-content site-background'><div class='av-inner-masonry-content-pos'><div class='av-inner-masonry-content-pos-content'><div class='avia-arrow'><\/div><div class='av-masonry-entry-content entry-content'  itemprop=\"text\" >Fields of expertise<\/div><\/div><\/div><\/figcaption><\/figure><\/a><!--end av-masonry entry--><\/div><\/div>\n\n<\/div><\/div><\/div><!-- close content main div --><\/div><div class='av-extra-border-element border-extra-arrow-down'><div class='av-extra-border-outer'><div class='av-extra-border-inner'><\/div><\/div><\/div><\/div>\n<style type=\"text\/css\" data-created_by=\"avia_inline_auto\" id=\"style-css-av-lbhusd09-d23c9354b0600e5d7b3d550c6c0d0ca9\">\n.avia-section.av-lbhusd09-d23c9354b0600e5d7b3d550c6c0d0ca9{\nbackground-color:#45658c;\nbackground-image:url(https:\/\/anwaelte-da.de\/wp-content\/uploads\/2022\/11\/strafrecht-scaled.jpg);\nbackground-repeat:no-repeat;\nbackground-position:50% 50%;\nbackground-attachment:scroll;\n}\n.avia-section.av-lbhusd09-d23c9354b0600e5d7b3d550c6c0d0ca9 .av-section-color-overlay{\nopacity:0.8;\nbackground-color:#194981;\n}\n.avia-section.av-lbhusd09-d23c9354b0600e5d7b3d550c6c0d0ca9 .av-extra-border-element .av-extra-border-inner{\nbackground-color:#45658c;\n}\n<\/style>\n<div id='av_section_2'  class='avia-section av-lbhusd09-d23c9354b0600e5d7b3d550c6c0d0ca9 main_color avia-section-large avia-no-border-styling  avia-builder-el-7  el_after_av_section  el_before_av_section  avia-full-stretch avia-bg-style-scroll av-section-color-overlay-active av-arrow-down-section av-minimum-height av-minimum-height-custom av-height-custom  container_wrap sidebar_right'  data-section-bg-repeat='stretch' data-av_minimum_height_px='450'><div class=\"av-section-color-overlay-wrap\"><div class=\"av-section-color-overlay\"><\/div><div class='container av-section-cont-open' style='height:450px'><div class='template-page content  av-content-small alpha units'><div class='post-entry post-entry-type-page post-entry-1721'><div class='entry-content-wrapper clearfix'>\n\n<style type=\"text\/css\" data-created_by=\"avia_inline_auto\" id=\"style-css-av-lbhutkjl-ea9433d9c470d152dfc916752ed8e9b6\">\n#top .av_textblock_section.av-lbhutkjl-ea9433d9c470d152dfc916752ed8e9b6 .avia_textblock{\nfont-size:26px;\ncolor:#ffffff;\n}\n<\/style>\n<section  class='av_textblock_section av-lbhutkjl-ea9433d9c470d152dfc916752ed8e9b6 '   itemscope=\"itemscope\" itemtype=\"https:\/\/schema.org\/CreativeWork\" ><div class='avia_textblock av_inherit_color'  itemprop=\"text\" ><blockquote style=\"border-color: #fff;\">\n<p>We value diligence, reliability and speed &#8211; even in times of greatest stress.<\/p>\n<\/blockquote>\n<\/div><\/section>\n\n<\/div><\/div><\/div><!-- close content main div --><\/div><div class='av-extra-border-element border-extra-arrow-down'><div class='av-extra-border-outer'><div class='av-extra-border-inner'><\/div><\/div><\/div><\/div><\/div><div id='mitarbeiter'  class='avia-section av-1vrq3t-2a4ba6cbbe916c758f5383205b1a742e main_color avia-section-large avia-no-border-styling  avia-builder-el-9  el_after_av_section  avia-builder-el-last  avia-bg-style-scroll container_wrap sidebar_right'  ><div class='container av-section-cont-open' ><div class='template-page content  av-content-small alpha units'><div class='post-entry post-entry-type-page post-entry-1721'><div class='entry-content-wrapper clearfix'>\n\n<style type=\"text\/css\" data-created_by=\"avia_inline_auto\" id=\"style-css-av-lb2mb4hp-96558a407b72e8e5c61165b88f93b9de\">\n#top .av_textblock_section.av-lb2mb4hp-96558a407b72e8e5c61165b88f93b9de .avia_textblock{\ncolor:#0b3861;\n}\n<\/style>\n<section  class='av_textblock_section av-lb2mb4hp-96558a407b72e8e5c61165b88f93b9de '   itemscope=\"itemscope\" itemtype=\"https:\/\/schema.org\/CreativeWork\" ><div class='avia_textblock av_inherit_color'  itemprop=\"text\" ><h2>News<\/h2>\n<\/div><\/section>\n\n<style type=\"text\/css\" data-created_by=\"avia_inline_auto\" id=\"style-css-av-arrqh-41ccb57cd97cc64cb18bf6941d45fb36\">\n#top .hr.hr-invisible.av-arrqh-41ccb57cd97cc64cb18bf6941d45fb36{\nheight:15px;\n}\n<\/style>\n<div  class='hr av-arrqh-41ccb57cd97cc64cb18bf6941d45fb36 hr-invisible  avia-builder-el-11  el_after_av_textblock  el_before_av_one_half '><span class='hr-inner '><span class=\"hr-inner-style\"><\/span><\/span><\/div>\n\n<style type=\"text\/css\" data-created_by=\"avia_inline_auto\" id=\"style-css-av-bubup-11b659c4074e5f1f99ea3482d62aae36\">\n#top .flex_column.av-bubup-11b659c4074e5f1f99ea3482d62aae36{\nmargin-top:0px;\nmargin-bottom:0px;\n}\n.responsive #top #wrap_all .flex_column.av-bubup-11b659c4074e5f1f99ea3482d62aae36{\nmargin-top:0px;\nmargin-bottom:0px;\n}\n<\/style>\n<div  class='flex_column av-bubup-11b659c4074e5f1f99ea3482d62aae36 av_one_half  avia-builder-el-12  el_after_av_hr  el_before_av_one_half  first flex_column_div  '     ><section  class='av_textblock_section av-lbhwltik-b3a9848450fe60f55727ab397421c2a2 '   itemscope=\"itemscope\" itemtype=\"https:\/\/schema.org\/CreativeWork\" ><div class='avia_textblock'  itemprop=\"text\" ><h3 style=\"font-weight: 400;\">Stay up to date<\/h3>\n<p>Here you can find out all the news about our law firm.<\/p>\n<\/div><\/section><\/div>\n<style type=\"text\/css\" data-created_by=\"avia_inline_auto\" id=\"style-css-av-de195-fc13c945b889f34609fb336519c967b6\">\n#top .flex_column.av-de195-fc13c945b889f34609fb336519c967b6{\nmargin-top:0px;\nmargin-bottom:0px;\n}\n.responsive #top #wrap_all .flex_column.av-de195-fc13c945b889f34609fb336519c967b6{\nmargin-top:0px;\nmargin-bottom:0px;\n}\n<\/style>\n<div  class='flex_column av-de195-fc13c945b889f34609fb336519c967b6 av_one_half  avia-builder-el-14  el_after_av_one_half  avia-builder-el-last  flex_column_div  '     ><p><div  id=\"avia-magazine-1\"  class='av-magazine av-pe7l-27d0ba172c7ccbff735fa287c091e952 av-magazine-top-bar-active av-magazine-tabs-active  avia-builder-el-15  el_before_av_hr  avia-builder-el-first   avia-builder-el-15  el_before_av_hr  avia-builder-el-first ' ><div class='av-magazine-top-bar '><div class=\"av-magazine-sort\" data-magazine-id=\"1\" ><div class=\"av-sort-by-term\"><a href=\"#\" data-filter=\"sort_all\" class=\"all_sort_button active_sort\"><span class=\"inner_sort_button\"><span>All<\/span><\/span><\/a><span class='text-sep aktuelles_sort_sep'>\/<\/span><a href=\"#\" data-filter=\"sort_28\" class=\"aktuelles_sort_button \" ><span class=\"inner_sort_button\"><span>Aktuelles<\/span><\/span><\/a><span class='text-sep darmstaedter-loewe_sort_sep'>\/<\/span><a href=\"#\" data-filter=\"sort_29\" class=\"darmstaedter-loewe_sort_button \" ><span class=\"inner_sort_button\"><span>Darmst\u00e4dter L\u00f6we<\/span><\/span><\/a><\/div><\/div><\/div><div class='av-magazine-group sort_all'><article class='av-magazine-entry av-magazine-entry-id-2067 av-magazine-format-standard av-magazine-type-post av-magazine-entry-1 av-magazine-entry-small av-magazine-no-thumb'  itemscope=\"itemscope\" itemtype=\"https:\/\/schema.org\/CreativeWork\" ><div class=\"av-magazine-content-wrap\"><header class=\"entry-content-header\" aria-label=\"Post: Herr Dr. Gregor Albach nun auch Fachanwalt f\u00fcr Verwaltungsrecht\"><time class='av-magazine-time updated'  itemprop=\"datePublished\" datetime=\"2024-05-03T14:04:14+01:00\" >03.05.2024<\/time><span class=\"av-magazine-cats-wrap\"><span class=\"av-magazine-text-sep text-sep-cats\">In<\/span><span class=\"av-magazine-cats minor-meta\"><a href=\"https:\/\/anwaelte-da.de\/category\/aktuelles\/\" rel=\"tag\">Aktuelles<\/a> <\/span><\/span><h3 class='av-magazine-title entry-title '  itemprop=\"headline\" ><a href='https:\/\/anwaelte-da.de\/en\/herr-dr-gregor-albach-nun-auch-fachanwalt-fuer-verwaltungsrecht\/' title='Link to: Herr Dr. Gregor Albach nun auch Fachanwalt f\u00fcr Verwaltungsrecht'>Herr Dr. Gregor Albach nun auch Fachanwalt f\u00fcr Verwaltungsrecht<\/a><\/h3><\/header><\/div><footer class=\"entry-footer\"><\/footer><\/article><article class='av-magazine-entry av-magazine-entry-id-2020 av-magazine-format-standard av-magazine-type-post av-magazine-entry-2 av-magazine-entry-small av-magazine-no-thumb'  itemscope=\"itemscope\" itemtype=\"https:\/\/schema.org\/CreativeWork\" ><div class=\"av-magazine-content-wrap\"><header class=\"entry-content-header\" aria-label=\"Post: Herr Dr. Gregor Albach zum Notar bestellt\"><time class='av-magazine-time updated'  itemprop=\"datePublished\" datetime=\"2023-12-12T09:43:37+01:00\" >12.12.2023<\/time><span class=\"av-magazine-cats-wrap\"><span class=\"av-magazine-text-sep text-sep-cats\">In<\/span><span class=\"av-magazine-cats minor-meta\"><a href=\"https:\/\/anwaelte-da.de\/category\/aktuelles\/\" rel=\"tag\">Aktuelles<\/a> <\/span><\/span><h3 class='av-magazine-title entry-title '  itemprop=\"headline\" ><a href='https:\/\/anwaelte-da.de\/en\/herr-dr-gregor-albach-zum-notar-bestellt\/' title='Link to: Herr Dr. Gregor Albach zum Notar bestellt'>Herr Dr. Gregor Albach zum Notar bestellt<\/a><\/h3><\/header><\/div><footer class=\"entry-footer\"><\/footer><\/article><article class='av-magazine-entry av-magazine-entry-id-2011 av-magazine-format-standard av-magazine-type-post av-magazine-entry-3 av-magazine-entry-small av-magazine-no-thumb'  itemscope=\"itemscope\" itemtype=\"https:\/\/schema.org\/CreativeWork\" ><div class=\"av-magazine-content-wrap\"><header class=\"entry-content-header\" aria-label=\"Post: Wir sind Expertenmitglied des ryon GreenTech Accelerators\"><time class='av-magazine-time updated'  itemprop=\"datePublished\" datetime=\"2023-11-15T10:22:34+01:00\" >15.11.2023<\/time><span class=\"av-magazine-cats-wrap\"><span class=\"av-magazine-text-sep text-sep-cats\">In<\/span><span class=\"av-magazine-cats minor-meta\"><a href=\"https:\/\/anwaelte-da.de\/category\/aktuelles\/\" rel=\"tag\">Aktuelles<\/a> <\/span><\/span><h3 class='av-magazine-title entry-title '  itemprop=\"headline\" ><a href='https:\/\/anwaelte-da.de\/en\/wir-sind-expertenmitglied-des-ryon-greentech-accelerators\/' title='Link to: Wir sind Expertenmitglied des ryon GreenTech Accelerators'>Wir sind Expertenmitglied des ryon GreenTech Accelerators<\/a><\/h3><\/header><\/div><footer class=\"entry-footer\"><\/footer><\/article><\/div><div class='av-magazine-group av-hidden-mag sort_28'><article class='av-magazine-entry av-magazine-entry-id-2067 av-magazine-format-standard av-magazine-type-post av-magazine-entry-1 av-magazine-entry-small av-magazine-no-thumb'  itemscope=\"itemscope\" itemtype=\"https:\/\/schema.org\/CreativeWork\" ><div class=\"av-magazine-content-wrap\"><header class=\"entry-content-header\" aria-label=\"Post: Herr Dr. Gregor Albach nun auch Fachanwalt f\u00fcr Verwaltungsrecht\"><time class='av-magazine-time updated'  itemprop=\"datePublished\" datetime=\"2024-05-03T14:04:14+01:00\" >03.05.2024<\/time><span class=\"av-magazine-cats-wrap\"><span class=\"av-magazine-text-sep text-sep-cats\">In<\/span><span class=\"av-magazine-cats minor-meta\"><a href=\"https:\/\/anwaelte-da.de\/category\/aktuelles\/\" rel=\"tag\">Aktuelles<\/a> <\/span><\/span><h3 class='av-magazine-title entry-title '  itemprop=\"headline\" ><a href='https:\/\/anwaelte-da.de\/en\/herr-dr-gregor-albach-nun-auch-fachanwalt-fuer-verwaltungsrecht\/' title='Link to: Herr Dr. Gregor Albach nun auch Fachanwalt f\u00fcr Verwaltungsrecht'>Herr Dr. Gregor Albach nun auch Fachanwalt f\u00fcr Verwaltungsrecht<\/a><\/h3><\/header><\/div><footer class=\"entry-footer\"><\/footer><\/article><article class='av-magazine-entry av-magazine-entry-id-2020 av-magazine-format-standard av-magazine-type-post av-magazine-entry-2 av-magazine-entry-small av-magazine-no-thumb'  itemscope=\"itemscope\" itemtype=\"https:\/\/schema.org\/CreativeWork\" ><div class=\"av-magazine-content-wrap\"><header class=\"entry-content-header\" aria-label=\"Post: Herr Dr. Gregor Albach zum Notar bestellt\"><time class='av-magazine-time updated'  itemprop=\"datePublished\" datetime=\"2023-12-12T09:43:37+01:00\" >12.12.2023<\/time><span class=\"av-magazine-cats-wrap\"><span class=\"av-magazine-text-sep text-sep-cats\">In<\/span><span class=\"av-magazine-cats minor-meta\"><a href=\"https:\/\/anwaelte-da.de\/category\/aktuelles\/\" rel=\"tag\">Aktuelles<\/a> <\/span><\/span><h3 class='av-magazine-title entry-title '  itemprop=\"headline\" ><a href='https:\/\/anwaelte-da.de\/en\/herr-dr-gregor-albach-zum-notar-bestellt\/' title='Link to: Herr Dr. Gregor Albach zum Notar bestellt'>Herr Dr. Gregor Albach zum Notar bestellt<\/a><\/h3><\/header><\/div><footer class=\"entry-footer\"><\/footer><\/article><article class='av-magazine-entry av-magazine-entry-id-2011 av-magazine-format-standard av-magazine-type-post av-magazine-entry-3 av-magazine-entry-small av-magazine-no-thumb'  itemscope=\"itemscope\" itemtype=\"https:\/\/schema.org\/CreativeWork\" ><div class=\"av-magazine-content-wrap\"><header class=\"entry-content-header\" aria-label=\"Post: Wir sind Expertenmitglied des ryon GreenTech Accelerators\"><time class='av-magazine-time updated'  itemprop=\"datePublished\" datetime=\"2023-11-15T10:22:34+01:00\" >15.11.2023<\/time><span class=\"av-magazine-cats-wrap\"><span class=\"av-magazine-text-sep text-sep-cats\">In<\/span><span class=\"av-magazine-cats minor-meta\"><a href=\"https:\/\/anwaelte-da.de\/category\/aktuelles\/\" rel=\"tag\">Aktuelles<\/a> <\/span><\/span><h3 class='av-magazine-title entry-title '  itemprop=\"headline\" ><a href='https:\/\/anwaelte-da.de\/en\/wir-sind-expertenmitglied-des-ryon-greentech-accelerators\/' title='Link to: Wir sind Expertenmitglied des ryon GreenTech Accelerators'>Wir sind Expertenmitglied des ryon GreenTech Accelerators<\/a><\/h3><\/header><\/div><footer class=\"entry-footer\"><\/footer><\/article><\/div><div class='av-magazine-group av-hidden-mag sort_29'><article class='av-magazine-entry av-magazine-entry-id-882 av-magazine-format-standard av-magazine-type-post av-magazine-entry-1 av-magazine-entry-small av-magazine-no-thumb'  itemscope=\"itemscope\" itemtype=\"https:\/\/schema.org\/CreativeWork\" ><div class=\"av-magazine-content-wrap\"><header class=\"entry-content-header\" aria-label=\"Post: Rundschreiben\"><time class='av-magazine-time updated'  itemprop=\"datePublished\" datetime=\"2014-11-23T02:17:03+01:00\" >23.11.2014<\/time><span class=\"av-magazine-cats-wrap\"><span class=\"av-magazine-text-sep text-sep-cats\">In<\/span><span class=\"av-magazine-cats minor-meta\"><a href=\"https:\/\/anwaelte-da.de\/category\/darmstaedter-loewe\/\" rel=\"tag\">Darmst\u00e4dter L\u00f6we<\/a> <\/span><\/span><h3 class='av-magazine-title entry-title '  itemprop=\"headline\" ><a href='https:\/\/anwaelte-da.de\/en\/rundschreiben\/' title='Link to: Rundschreiben'>Rundschreiben<\/a><\/h3><\/header><\/div><footer class=\"entry-footer\"><\/footer><\/article><article class='av-magazine-entry av-magazine-entry-id-1021 av-magazine-format-standard av-magazine-type-post av-magazine-entry-2 av-magazine-entry-small av-magazine-no-thumb'  itemscope=\"itemscope\" itemtype=\"https:\/\/schema.org\/CreativeWork\" ><div class=\"av-magazine-content-wrap\"><header class=\"entry-content-header\" aria-label=\"Post: Rundschreiben\"><time class='av-magazine-time updated'  itemprop=\"datePublished\" datetime=\"2014-11-23T02:17:03+01:00\" >23.11.2014<\/time><span class=\"av-magazine-cats-wrap\"><span class=\"av-magazine-text-sep text-sep-cats\">In<\/span><span class=\"av-magazine-cats minor-meta\"><a href=\"https:\/\/anwaelte-da.de\/category\/darmstaedter-loewe\/\" rel=\"tag\">Darmst\u00e4dter L\u00f6we<\/a> <\/span><\/span><h3 class='av-magazine-title entry-title '  itemprop=\"headline\" ><a href='https:\/\/anwaelte-da.de\/en\/rundschreiben-2\/' title='Link to: Rundschreiben'>Rundschreiben<\/a><\/h3><\/header><\/div><footer class=\"entry-footer\"><\/footer><\/article><article class='av-magazine-entry av-magazine-entry-id-854 av-magazine-format-standard av-magazine-type-post av-magazine-entry-3 av-magazine-entry-small av-magazine-no-thumb'  itemscope=\"itemscope\" itemtype=\"https:\/\/schema.org\/CreativeWork\" ><div class=\"av-magazine-content-wrap\"><header class=\"entry-content-header\" aria-label=\"Post: Rede von Herrn Dr. Bergh\u00e4user bei der Preisvergabe\"><time class='av-magazine-time updated'  itemprop=\"datePublished\" datetime=\"2011-04-18T06:26:15+01:00\" >18.04.2011<\/time><span class=\"av-magazine-cats-wrap\"><span class=\"av-magazine-text-sep text-sep-cats\">In<\/span><span class=\"av-magazine-cats minor-meta\"><a href=\"https:\/\/anwaelte-da.de\/category\/darmstaedter-loewe\/\" rel=\"tag\">Darmst\u00e4dter L\u00f6we<\/a> <\/span><\/span><h3 class='av-magazine-title entry-title '  itemprop=\"headline\" ><a href='https:\/\/anwaelte-da.de\/en\/rede-von-herrn-dr-berghauser-bei-der-preisvergabe\/' title='Link to: Rede von Herrn Dr. Bergh\u00e4user bei der Preisvergabe'>Rede von Herrn Dr. Bergh\u00e4user bei der Preisvergabe<\/a><\/h3><\/header><\/div><footer class=\"entry-footer\"><\/footer><\/article><\/div><\/div><br \/>\n\n<style type=\"text\/css\" data-created_by=\"avia_inline_auto\" id=\"style-css-av-lbhwndmb-0e7c957395d46967cf47c7def1231a11\">\n#top .hr.hr-invisible.av-lbhwndmb-0e7c957395d46967cf47c7def1231a11{\nheight:15px;\n}\n<\/style>\n<div  class='hr av-lbhwndmb-0e7c957395d46967cf47c7def1231a11 hr-invisible  avia-builder-el-16  el_after_av_magazine  el_before_av_textblock '><span class='hr-inner '><span class=\"hr-inner-style\"><\/span><\/span><\/div><br \/>\n<section  class='av_textblock_section av-lbhwmv3s-1a3f11b59304a9e3dc4f181e60800ae6 '   itemscope=\"itemscope\" itemtype=\"https:\/\/schema.org\/CreativeWork\" ><div class='avia_textblock'  itemprop=\"text\" ><p style=\"text-align: right;\"><a href=\"https:\/\/anwaelte-da.de\/en\/news\/\">\n<style type=\"text\/css\" data-created_by=\"avia_inline_auto\" id=\"style-css-av-nrzg1-44bc1ab0233720e8f13cfced7dab300a\">\n.av_font_icon.av-nrzg1-44bc1ab0233720e8f13cfced7dab300a .av-icon-char{\nfont-size:16px;\nline-height:16px;\n}\n<\/style>\n<span  class='av_font_icon av-nrzg1-44bc1ab0233720e8f13cfced7dab300a avia_animate_when_visible av-icon-style- avia-icon-pos-right av-no-color avia-icon-animate'><span class='av-icon-char' aria-hidden='true' data-av_icon='\ue875' data-av_iconfont='entypo-fontello' ><\/span><\/span>All articles<\/a><\/p>\n<\/div><\/section><\/p><\/div>\n<\/div><\/div><\/div><!-- close content main div --><\/div><\/div><div id='after_section_3'  class='main_color av_default_container_wrap container_wrap sidebar_right'  ><div class='container av-section-cont-open' ><div class='template-page content  av-content-small alpha units'><div class='post-entry post-entry-type-page post-entry-1721'><div class='entry-content-wrapper clearfix'>\n","protected":false},"excerpt":{"rendered":"","protected":false},"author":4,"featured_media":0,"parent":0,"menu_order":0,"comment_status":"closed","ping_status":"closed","template":"","meta":{"_acf_changed":false,"inline_featured_image":false,"footnotes":""},"class_list":["post-1721","page","type-page","status-publish","hentry"],"acf":[],"yoast_head":"<!-- This site is optimized with the Yoast SEO plugin v25.5 - https:\/\/yoast.com\/wordpress\/plugins\/seo\/ -->\n<title>Home - Rechtsanw\u00e4lte &amp; Notare seit 1925 in Darmstadt<\/title>\n<meta name=\"description\" content=\"Our law firm, founded as early as 1925, currently consists of ten attorneys, six of whom are also notaries. Our professional focus is on civil, administrative, commercial and corporate law.\" \/>\n<meta name=\"robots\" content=\"index, follow, max-snippet:-1, max-image-preview:large, max-video-preview:-1\" \/>\n<link rel=\"canonical\" href=\"https:\/\/anwaelte-da.de\/en\/\" \/>\n<meta property=\"og:locale\" content=\"en_GB\" \/>\n<meta property=\"og:type\" content=\"article\" \/>\n<meta property=\"og:title\" content=\"Home - Rechtsanw\u00e4lte &amp; Notare seit 1925 in Darmstadt\" \/>\n<meta property=\"og:description\" content=\"Our law firm, founded as early as 1925, currently consists of ten attorneys, six of whom are also notaries. Our professional focus is on civil, administrative, commercial and corporate law.\" \/>\n<meta property=\"og:url\" content=\"https:\/\/anwaelte-da.de\/en\/\" \/>\n<meta property=\"og:site_name\" content=\"Rechtsanw\u00e4lte &amp; Notare seit 1925 in Darmstadt\" \/>\n<meta property=\"article:modified_time\" content=\"2025-08-20T08:03:07+00:00\" \/>\n<meta name=\"twitter:card\" content=\"summary_large_image\" \/>\n<meta name=\"twitter:label1\" content=\"Estimated reading time\" \/>\n\t<meta name=\"twitter:data1\" content=\"2 minutes\" \/>\n<script type=\"application\/ld+json\" class=\"yoast-schema-graph\">{\"@context\":\"https:\/\/schema.org\",\"@graph\":[{\"@type\":\"WebPage\",\"@id\":\"https:\/\/anwaelte-da.de\/en\/\",\"url\":\"https:\/\/anwaelte-da.de\/en\/\",\"name\":\"Home - Rechtsanw\u00e4lte &amp; Notare seit 1925 in Darmstadt\",\"isPartOf\":{\"@id\":\"https:\/\/anwaelte-da.de\/en\/#website\"},\"datePublished\":\"2022-11-28T11:37:27+00:00\",\"dateModified\":\"2025-08-20T08:03:07+00:00\",\"description\":\"Our law firm, founded as early as 1925, currently consists of ten attorneys, six of whom are also notaries. Our professional focus is on civil, administrative, commercial and corporate law.\",\"breadcrumb\":{\"@id\":\"https:\/\/anwaelte-da.de\/en\/#breadcrumb\"},\"inLanguage\":\"en-GB\",\"potentialAction\":[{\"@type\":\"ReadAction\",\"target\":[\"https:\/\/anwaelte-da.de\/en\/\"]}]},{\"@type\":\"BreadcrumbList\",\"@id\":\"https:\/\/anwaelte-da.de\/en\/#breadcrumb\",\"itemListElement\":[{\"@type\":\"ListItem\",\"position\":1,\"name\":\"Startseite\",\"item\":\"https:\/\/anwaelte-da.de\/en\/home\/\"},{\"@type\":\"ListItem\",\"position\":2,\"name\":\"Home\"}]},{\"@type\":\"WebSite\",\"@id\":\"https:\/\/anwaelte-da.de\/en\/#website\",\"url\":\"https:\/\/anwaelte-da.de\/en\/\",\"name\":\"Rechtsanw\u00e4lte &amp; Notare seit 1925 in Darmstadt\",\"description\":\"Fachanw\u00e4lte f\u00fcr Arbeitsrecht * Familienrecht * Erbrecht * Baurecht * Gesellschaftsrecht * Verwaltungsrecht * Versicherungsrecht * Mietrecht * Steuerrecht\",\"publisher\":{\"@id\":\"https:\/\/anwaelte-da.de\/en\/#organization\"},\"potentialAction\":[{\"@type\":\"SearchAction\",\"target\":{\"@type\":\"EntryPoint\",\"urlTemplate\":\"https:\/\/anwaelte-da.de\/en\/?s={search_term_string}\"},\"query-input\":{\"@type\":\"PropertyValueSpecification\",\"valueRequired\":true,\"valueName\":\"search_term_string\"}}],\"inLanguage\":\"en-GB\"},{\"@type\":\"Organization\",\"@id\":\"https:\/\/anwaelte-da.de\/en\/#organization\",\"name\":\"Rechtsanw\u00e4lte & Notare seit 1925 in Darmstadt\",\"url\":\"https:\/\/anwaelte-da.de\/en\/\",\"logo\":{\"@type\":\"ImageObject\",\"inLanguage\":\"en-GB\",\"@id\":\"https:\/\/anwaelte-da.de\/en\/#\/schema\/logo\/image\/\",\"url\":\"https:\/\/anwaelte-da.de\/wp-content\/uploads\/2022\/11\/header.png\",\"contentUrl\":\"https:\/\/anwaelte-da.de\/wp-content\/uploads\/2022\/11\/header.png\",\"width\":250,\"height\":39,\"caption\":\"Rechtsanw\u00e4lte & Notare seit 1925 in Darmstadt\"},\"image\":{\"@id\":\"https:\/\/anwaelte-da.de\/en\/#\/schema\/logo\/image\/\"}}]}<\/script>\n<!-- \/ Yoast SEO plugin. -->","yoast_head_json":{"title":"Home - Rechtsanw\u00e4lte &amp; Notare seit 1925 in Darmstadt","description":"Our law firm, founded as early as 1925, currently consists of ten attorneys, six of whom are also notaries. Our professional focus is on civil, administrative, commercial and corporate law.","robots":{"index":"index","follow":"follow","max-snippet":"max-snippet:-1","max-image-preview":"max-image-preview:large","max-video-preview":"max-video-preview:-1"},"canonical":"https:\/\/anwaelte-da.de\/en\/","og_locale":"en_GB","og_type":"article","og_title":"Home - Rechtsanw\u00e4lte &amp; Notare seit 1925 in Darmstadt","og_description":"Our law firm, founded as early as 1925, currently consists of ten attorneys, six of whom are also notaries. Our professional focus is on civil, administrative, commercial and corporate law.","og_url":"https:\/\/anwaelte-da.de\/en\/","og_site_name":"Rechtsanw\u00e4lte &amp; Notare seit 1925 in Darmstadt","article_modified_time":"2025-08-20T08:03:07+00:00","twitter_card":"summary_large_image","twitter_misc":{"Estimated reading time":"2 minutes"},"schema":{"@context":"https:\/\/schema.org","@graph":[{"@type":"WebPage","@id":"https:\/\/anwaelte-da.de\/en\/","url":"https:\/\/anwaelte-da.de\/en\/","name":"Home - Rechtsanw\u00e4lte &amp; Notare seit 1925 in Darmstadt","isPartOf":{"@id":"https:\/\/anwaelte-da.de\/en\/#website"},"datePublished":"2022-11-28T11:37:27+00:00","dateModified":"2025-08-20T08:03:07+00:00","description":"Our law firm, founded as early as 1925, currently consists of ten attorneys, six of whom are also notaries. Our professional focus is on civil, administrative, commercial and corporate law.","breadcrumb":{"@id":"https:\/\/anwaelte-da.de\/en\/#breadcrumb"},"inLanguage":"en-GB","potentialAction":[{"@type":"ReadAction","target":["https:\/\/anwaelte-da.de\/en\/"]}]},{"@type":"BreadcrumbList","@id":"https:\/\/anwaelte-da.de\/en\/#breadcrumb","itemListElement":[{"@type":"ListItem","position":1,"name":"Startseite","item":"https:\/\/anwaelte-da.de\/en\/home\/"},{"@type":"ListItem","position":2,"name":"Home"}]},{"@type":"WebSite","@id":"https:\/\/anwaelte-da.de\/en\/#website","url":"https:\/\/anwaelte-da.de\/en\/","name":"Rechtsanw\u00e4lte &amp; Notare seit 1925 in Darmstadt","description":"Fachanw\u00e4lte f\u00fcr Arbeitsrecht * Familienrecht * Erbrecht * Baurecht * Gesellschaftsrecht * Verwaltungsrecht * Versicherungsrecht * Mietrecht * Steuerrecht","publisher":{"@id":"https:\/\/anwaelte-da.de\/en\/#organization"},"potentialAction":[{"@type":"SearchAction","target":{"@type":"EntryPoint","urlTemplate":"https:\/\/anwaelte-da.de\/en\/?s={search_term_string}"},"query-input":{"@type":"PropertyValueSpecification","valueRequired":true,"valueName":"search_term_string"}}],"inLanguage":"en-GB"},{"@type":"Organization","@id":"https:\/\/anwaelte-da.de\/en\/#organization","name":"Rechtsanw\u00e4lte & Notare seit 1925 in Darmstadt","url":"https:\/\/anwaelte-da.de\/en\/","logo":{"@type":"ImageObject","inLanguage":"en-GB","@id":"https:\/\/anwaelte-da.de\/en\/#\/schema\/logo\/image\/","url":"https:\/\/anwaelte-da.de\/wp-content\/uploads\/2022\/11\/header.png","contentUrl":"https:\/\/anwaelte-da.de\/wp-content\/uploads\/2022\/11\/header.png","width":250,"height":39,"caption":"Rechtsanw\u00e4lte & Notare seit 1925 in Darmstadt"},"image":{"@id":"https:\/\/anwaelte-da.de\/en\/#\/schema\/logo\/image\/"}}]}},"_links":{"self":[{"href":"https:\/\/anwaelte-da.de\/en\/wp-json\/wp\/v2\/pages\/1721","targetHints":{"allow":["GET"]}}],"collection":[{"href":"https:\/\/anwaelte-da.de\/en\/wp-json\/wp\/v2\/pages"}],"about":[{"href":"https:\/\/anwaelte-da.de\/en\/wp-json\/wp\/v2\/types\/page"}],"author":[{"embeddable":true,"href":"https:\/\/anwaelte-da.de\/en\/wp-json\/wp\/v2\/users\/4"}],"replies":[{"embeddable":true,"href":"https:\/\/anwaelte-da.de\/en\/wp-json\/wp\/v2\/comments?post=1721"}],"version-history":[{"count":8,"href":"https:\/\/anwaelte-da.de\/en\/wp-json\/wp\/v2\/pages\/1721\/revisions"}],"predecessor-version":[{"id":2141,"href":"https:\/\/anwaelte-da.de\/en\/wp-json\/wp\/v2\/pages\/1721\/revisions\/2141"}],"wp:attachment":[{"href":"https:\/\/anwaelte-da.de\/en\/wp-json\/wp\/v2\/media?parent=1721"}],"curies":[{"name":"wp","href":"https:\/\/api.w.org\/{rel}","templated":true}]}}