{"id":1732,"date":"2022-11-28T12:10:53","date_gmt":"2022-11-28T11:10:53","guid":{"rendered":"https:\/\/anwaelte-da.de\/mitarbeiter\/dr-wulf-albach\/"},"modified":"2026-08-25T08:57:01","modified_gmt":"2026-08-25T07:57:01","slug":"dr-wulf-albach","status":"publish","type":"mitarbeiter","link":"https:\/\/anwaelte-da.de\/en\/mitarbeiter\/dr-wulf-albach\/","title":{"rendered":"Dr. Wulf Albach"},"content":{"rendered":"<p>Attorney Dr. Wulf Albach is<\/p>\n<ul>\n<li>Vice President of the Frankfurt\/Main Bar Association (www.rechtsanwaltskammer-ffm.de)<\/li>\n<li>Member of the Working Group on Labor Law of the German Bar Association (www.ag-arbeitsrecht.de)<\/li>\n<li>Member of the Committee on Attorney Remuneration of the German Federal Bar Association (www.brak.de)<\/li>\n<\/ul>\n<h2>Vita<\/h2>\n<ul>\n<li>Year of birth: 1956<\/li>\n<li>Studies: 1977-1982 in Bonn<\/li>\n<li>1st state examination: 1982<\/li>\n<li>Legal clerkship: 1983-1986 in Hamburg with elective station at the then law firm Pritchard Englefield&amp;Tobin, London<\/li>\n<li>2nd state examination: 1986<\/li>\n<li>Doctorate: 1986 with dissertation on the topic &#8220;The one-man incorporation of the GmbH<\/li>\n<li>Admission to the bar: 1987<\/li>\n<li>Specialized attorney for labor law since 1994<\/li>\n<li>Appointment as notary: 2000<br \/>\nSpecialized attorney for commercial and corporate law since 2006<\/li>\n<\/ul>\n<h2>Areas of specialization:<\/h2>\n<p>Since joining the firm, Dr. Albach has worked exclusively in the area of civil law. The focus of his work is on labor law and corporate law. In addition, Dr. Albach is also active in other areas of civil law (in particular: Sales and Contract Law, General Contract Law, Inheritance Law, Legal Fees Law).<\/p>\n<p>In the field of labor law, he is active as a lawyer in all areas of labor law. Dr. Albach advises and represents both employers and employees.<\/p>\n<p>In individual employment law, Dr. Albach advises and represents clients on all issues arising in employment law, in particular on the following questions:<\/p>\n<ul>\n<li>Formulation and drafting of employment contracts before the start of an employment relationship.<\/li>\n<li>Conflicts in the ongoing employment relationship (e.g. financial disputes, warnings, threats of termination).<\/li>\n<li>Before and after notice of termination, advice on reasonable options for action\/reaction, as far as possible always with the aim of reaching a reasonable amicable settlement.<\/li>\n<li>As far as necessary, consistent representation in proceedings before the labor courts up to the Federal Labor Court. This applies in particular to representation in proceedings for protection against dismissal, here too as a rule with the discussion of reasonable settlement options.<\/li>\n<li>Advice and representation in the same way on very similar issues of managing directors or other representatives of corporate bodies of companies or legal entities, especially with regard to the particularities to be observed here in comparison to employment relationships. Here his special knowledge of corporate law is of great advantage.<\/li>\n<\/ul>\n<p>Dr. Albach is also active in the field of collective labor law, for example in the following cases<\/p>\n<ul>\n<li>Advising employers and works councils on the rights and obligations of the partners (employer, works council) in the operational cooperation, in particular also on the participation and co-determination rights of the works council.<br \/>\nRepresentation of the business partners in negotiations on works agreements\/social plans.<\/li>\n<\/ul>\n<p>A further main focus of his legal work lies in corporate law, inter alia, in the following areas:<\/p>\n<ul>\n<li>Advice on the formation and termination of partnerships (civil law partnerships, limited partnerships and general partnerships) as well as corporations (especially limited liability companies and stock corporations), including the drafting of partnership agreements tailored to the individual case.<\/li>\n<li>Amendment of existing partnership agreements, in particular in line with current legal developments.<\/li>\n<li>Advice and representation of shareholders, but also companies in disputes among shareholders.<\/li>\n<li>Questions of managing directors and board members regarding their rights and duties in their position as a body of the company they represent, but also regarding their rights and duties arising from their employment contracts.<\/li>\n<\/ul>\n<p>In addition to these focuses on employment and corporate law, Dr. Albach represents clients in general civil and contract law. Due to his activities on the board of the Frankfurt Bar Association (www.rechtsanwaltskammer-ffm.de) (in particular as chairman of the fee department of the Frankfurt Bar Association), but also due to his membership in the committee on attorney fees of the German Federal Bar Association, Dr. Albach has special knowledge of attorney fee law. He also represents and advises clients on questions of attorney&#8217;s fee law and represents them in disputes and lawsuits concerning attorney&#8217;s fee claims. As part of his work in the Fee Department of the Bar Association, Dr. Albach regularly provides expert opinions on the appropriateness of lawyers&#8217; invoices.<\/p>\n<p>Dr. Albach is also active as a lawyer in the field of inheritance law. He advises on all matters of inheritance law and represents clients in disputes in this field.<\/p>\n<p>Attorney Dr. Wulf Albach regularly advises a number of companies of various sizes, including stock corporations, on all corporate matters.<\/p>\n<p>Dr. Albach cooperates &#8211; as far as necessary &#8211; with other colleagues of the office or also with experienced tax advisors, as far as tax-related or other legal questions outside of his field of activity are concerned. If necessary, he also arranges for appropriate expert advice.<\/p>\n<h2>Publications:<\/h2>\n<ul>\n<li>Die Einmanngr\u00fcndung der GmbH, Bonn 1986<\/li>\n<\/ul>\n","protected":false},"featured_media":1541,"template":"","typ":[82],"fachgebiet-taxonomy":[89,86,101],"class_list":["post-1732","mitarbeiter","type-mitarbeiter","status-publish","has-post-thumbnail","hentry","typ-lawyer","fachgebiet-commercial-and-corporate-law","fachgebiet-inheritance-law","fachgebiet-labor-law"],"acf":[],"yoast_head":"<!-- This site is optimized with the Yoast SEO plugin v28.3 - https:\/\/yoast.com\/product\/yoast-seo-wordpress\/ -->\n<title>Dr. Wulf Albach - Rechtsanw\u00e4lte &amp; Notare seit 1925 in Darmstadt<\/title>\n<meta name=\"description\" content=\"Attorney &amp; Notary Dr. Wulf Albach advises and represents you as a specialist attorney for labor law and commercial and corporate law\" \/>\n<meta name=\"robots\" content=\"index, follow, max-snippet:-1, max-image-preview:large, max-video-preview:-1\" \/>\n<link rel=\"canonical\" href=\"https:\/\/anwaelte-da.de\/en\/mitarbeiter\/dr-wulf-albach\/\" \/>\n<meta property=\"og:locale\" content=\"en_GB\" \/>\n<meta property=\"og:type\" content=\"article\" \/>\n<meta property=\"og:title\" content=\"Dr. Wulf Albach - Rechtsanw\u00e4lte &amp; Notare seit 1925 in Darmstadt\" \/>\n<meta property=\"og:description\" content=\"Attorney &amp; Notary Dr. Wulf Albach advises and represents you as a specialist attorney for labor law and commercial and corporate law\" \/>\n<meta property=\"og:url\" content=\"https:\/\/anwaelte-da.de\/en\/mitarbeiter\/dr-wulf-albach\/\" \/>\n<meta property=\"og:site_name\" content=\"Rechtsanw\u00e4lte &amp; Notare seit 1925 in Darmstadt\" \/>\n<meta property=\"article:modified_time\" content=\"2026-08-25T07:57:01+00:00\" \/>\n<meta property=\"og:image\" content=\"https:\/\/anwaelte-da.de\/wp-content\/uploads\/2022\/11\/dr-wulf-albach.jpg\" \/>\n\t<meta property=\"og:image:width\" content=\"800\" \/>\n\t<meta property=\"og:image:height\" content=\"800\" \/>\n\t<meta property=\"og:image:type\" content=\"image\/jpeg\" \/>\n<meta name=\"twitter:card\" content=\"summary_large_image\" \/>\n<meta name=\"twitter:label1\" content=\"Estimated reading time\" \/>\n\t<meta name=\"twitter:data1\" content=\"5 minutes\" \/>\n<script type=\"application\/ld+json\" class=\"yoast-schema-graph\">{\"@context\":\"https:\\\/\\\/schema.org\",\"@graph\":[{\"@type\":[\"WebPage\",\"ProfilePage\"],\"@id\":\"https:\\\/\\\/anwaelte-da.de\\\/en\\\/mitarbeiter\\\/dr-wulf-albach\\\/\",\"url\":\"https:\\\/\\\/anwaelte-da.de\\\/en\\\/mitarbeiter\\\/dr-wulf-albach\\\/\",\"name\":\"Dr. Wulf Albach - Rechtsanw\u00e4lte &amp; Notare seit 1925 in Darmstadt\",\"isPartOf\":{\"@id\":\"https:\\\/\\\/anwaelte-da.de\\\/en\\\/#website\"},\"primaryImageOfPage\":{\"@id\":\"https:\\\/\\\/anwaelte-da.de\\\/en\\\/mitarbeiter\\\/dr-wulf-albach\\\/#primaryimage\"},\"image\":{\"@id\":\"https:\\\/\\\/anwaelte-da.de\\\/en\\\/mitarbeiter\\\/dr-wulf-albach\\\/#primaryimage\"},\"thumbnailUrl\":\"https:\\\/\\\/anwaelte-da.de\\\/wp-content\\\/uploads\\\/2022\\\/11\\\/dr-wulf-albach.jpg\",\"datePublished\":\"2022-11-28T11:10:53+00:00\",\"dateModified\":\"2026-08-25T07:57:01+00:00\",\"description\":\"Attorney & Notary Dr. Wulf Albach advises and represents you as a specialist attorney for labor law and commercial and corporate law\",\"breadcrumb\":{\"@id\":\"https:\\\/\\\/anwaelte-da.de\\\/en\\\/mitarbeiter\\\/dr-wulf-albach\\\/#breadcrumb\"},\"inLanguage\":\"en-GB\",\"potentialAction\":[{\"@type\":\"ReadAction\",\"target\":[\"https:\\\/\\\/anwaelte-da.de\\\/en\\\/mitarbeiter\\\/dr-wulf-albach\\\/\"]}]},{\"@type\":\"ImageObject\",\"inLanguage\":\"en-GB\",\"@id\":\"https:\\\/\\\/anwaelte-da.de\\\/en\\\/mitarbeiter\\\/dr-wulf-albach\\\/#primaryimage\",\"url\":\"https:\\\/\\\/anwaelte-da.de\\\/wp-content\\\/uploads\\\/2022\\\/11\\\/dr-wulf-albach.jpg\",\"contentUrl\":\"https:\\\/\\\/anwaelte-da.de\\\/wp-content\\\/uploads\\\/2022\\\/11\\\/dr-wulf-albach.jpg\",\"width\":800,\"height\":800},{\"@type\":\"BreadcrumbList\",\"@id\":\"https:\\\/\\\/anwaelte-da.de\\\/en\\\/mitarbeiter\\\/dr-wulf-albach\\\/#breadcrumb\",\"itemListElement\":[{\"@type\":\"ListItem\",\"position\":1,\"name\":\"Startseite\",\"item\":\"https:\\\/\\\/anwaelte-da.de\\\/en\\\/home\\\/\"},{\"@type\":\"ListItem\",\"position\":2,\"name\":\"Dr. Wulf Albach\"}]},{\"@type\":\"WebSite\",\"@id\":\"https:\\\/\\\/anwaelte-da.de\\\/en\\\/#website\",\"url\":\"https:\\\/\\\/anwaelte-da.de\\\/en\\\/\",\"name\":\"Rechtsanw\u00e4lte &amp; Notare seit 1925 in Darmstadt\",\"description\":\"Fachanw\u00e4lte f\u00fcr Arbeitsrecht * Familienrecht * Erbrecht * Baurecht * Gesellschaftsrecht * Verwaltungsrecht * Versicherungsrecht * Mietrecht * Steuerrecht\",\"publisher\":{\"@id\":\"https:\\\/\\\/anwaelte-da.de\\\/en\\\/#organization\"},\"potentialAction\":[{\"@type\":\"SearchAction\",\"target\":{\"@type\":\"EntryPoint\",\"urlTemplate\":\"https:\\\/\\\/anwaelte-da.de\\\/en\\\/?s={search_term_string}\"},\"query-input\":{\"@type\":\"PropertyValueSpecification\",\"valueRequired\":true,\"valueName\":\"search_term_string\"}}],\"inLanguage\":\"en-GB\"},{\"@type\":\"Organization\",\"@id\":\"https:\\\/\\\/anwaelte-da.de\\\/en\\\/#organization\",\"name\":\"Rechtsanw\u00e4lte & Notare seit 1925 in Darmstadt\",\"url\":\"https:\\\/\\\/anwaelte-da.de\\\/en\\\/\",\"logo\":{\"@type\":\"ImageObject\",\"inLanguage\":\"en-GB\",\"@id\":\"https:\\\/\\\/anwaelte-da.de\\\/en\\\/#\\\/schema\\\/logo\\\/image\\\/\",\"url\":\"https:\\\/\\\/anwaelte-da.de\\\/wp-content\\\/uploads\\\/2022\\\/11\\\/header.png\",\"contentUrl\":\"https:\\\/\\\/anwaelte-da.de\\\/wp-content\\\/uploads\\\/2022\\\/11\\\/header.png\",\"width\":250,\"height\":39,\"caption\":\"Rechtsanw\u00e4lte & Notare seit 1925 in Darmstadt\"},\"image\":{\"@id\":\"https:\\\/\\\/anwaelte-da.de\\\/en\\\/#\\\/schema\\\/logo\\\/image\\\/\"},\"mainEntityOfPage\":{\"@id\":\"https:\\\/\\\/anwaelte-da.de\\\/en\\\/mitarbeiter\\\/dr-wulf-albach\\\/\"}}]}<\/script>\n<!-- \/ Yoast SEO plugin. -->","yoast_head_json":{"title":"Dr. Wulf Albach - Rechtsanw\u00e4lte &amp; Notare seit 1925 in Darmstadt","description":"Attorney & Notary Dr. Wulf Albach advises and represents you as a specialist attorney for labor law and commercial and corporate law","robots":{"index":"index","follow":"follow","max-snippet":"max-snippet:-1","max-image-preview":"max-image-preview:large","max-video-preview":"max-video-preview:-1"},"canonical":"https:\/\/anwaelte-da.de\/en\/mitarbeiter\/dr-wulf-albach\/","og_locale":"en_GB","og_type":"article","og_title":"Dr. Wulf Albach - Rechtsanw\u00e4lte &amp; Notare seit 1925 in Darmstadt","og_description":"Attorney & Notary Dr. Wulf Albach advises and represents you as a specialist attorney for labor law and commercial and corporate law","og_url":"https:\/\/anwaelte-da.de\/en\/mitarbeiter\/dr-wulf-albach\/","og_site_name":"Rechtsanw\u00e4lte &amp; Notare seit 1925 in Darmstadt","article_modified_time":"2026-08-25T07:57:01+00:00","og_image":[{"width":800,"height":800,"url":"https:\/\/anwaelte-da.de\/wp-content\/uploads\/2022\/11\/dr-wulf-albach.jpg","type":"image\/jpeg"}],"twitter_card":"summary_large_image","twitter_misc":{"Estimated reading time":"5 minutes"},"schema":{"@context":"https:\/\/schema.org","@graph":[{"@type":["WebPage","ProfilePage"],"@id":"https:\/\/anwaelte-da.de\/en\/mitarbeiter\/dr-wulf-albach\/","url":"https:\/\/anwaelte-da.de\/en\/mitarbeiter\/dr-wulf-albach\/","name":"Dr. Wulf Albach - Rechtsanw\u00e4lte &amp; Notare seit 1925 in Darmstadt","isPartOf":{"@id":"https:\/\/anwaelte-da.de\/en\/#website"},"primaryImageOfPage":{"@id":"https:\/\/anwaelte-da.de\/en\/mitarbeiter\/dr-wulf-albach\/#primaryimage"},"image":{"@id":"https:\/\/anwaelte-da.de\/en\/mitarbeiter\/dr-wulf-albach\/#primaryimage"},"thumbnailUrl":"https:\/\/anwaelte-da.de\/wp-content\/uploads\/2022\/11\/dr-wulf-albach.jpg","datePublished":"2022-11-28T11:10:53+00:00","dateModified":"2026-08-25T07:57:01+00:00","description":"Attorney & Notary Dr. Wulf Albach advises and represents you as a specialist attorney for labor law and commercial and corporate law","breadcrumb":{"@id":"https:\/\/anwaelte-da.de\/en\/mitarbeiter\/dr-wulf-albach\/#breadcrumb"},"inLanguage":"en-GB","potentialAction":[{"@type":"ReadAction","target":["https:\/\/anwaelte-da.de\/en\/mitarbeiter\/dr-wulf-albach\/"]}]},{"@type":"ImageObject","inLanguage":"en-GB","@id":"https:\/\/anwaelte-da.de\/en\/mitarbeiter\/dr-wulf-albach\/#primaryimage","url":"https:\/\/anwaelte-da.de\/wp-content\/uploads\/2022\/11\/dr-wulf-albach.jpg","contentUrl":"https:\/\/anwaelte-da.de\/wp-content\/uploads\/2022\/11\/dr-wulf-albach.jpg","width":800,"height":800},{"@type":"BreadcrumbList","@id":"https:\/\/anwaelte-da.de\/en\/mitarbeiter\/dr-wulf-albach\/#breadcrumb","itemListElement":[{"@type":"ListItem","position":1,"name":"Startseite","item":"https:\/\/anwaelte-da.de\/en\/home\/"},{"@type":"ListItem","position":2,"name":"Dr. Wulf Albach"}]},{"@type":"WebSite","@id":"https:\/\/anwaelte-da.de\/en\/#website","url":"https:\/\/anwaelte-da.de\/en\/","name":"Rechtsanw\u00e4lte &amp; Notare seit 1925 in Darmstadt","description":"Fachanw\u00e4lte f\u00fcr Arbeitsrecht * Familienrecht * Erbrecht * Baurecht * Gesellschaftsrecht * Verwaltungsrecht * Versicherungsrecht * Mietrecht * Steuerrecht","publisher":{"@id":"https:\/\/anwaelte-da.de\/en\/#organization"},"potentialAction":[{"@type":"SearchAction","target":{"@type":"EntryPoint","urlTemplate":"https:\/\/anwaelte-da.de\/en\/?s={search_term_string}"},"query-input":{"@type":"PropertyValueSpecification","valueRequired":true,"valueName":"search_term_string"}}],"inLanguage":"en-GB"},{"@type":"Organization","@id":"https:\/\/anwaelte-da.de\/en\/#organization","name":"Rechtsanw\u00e4lte & Notare seit 1925 in Darmstadt","url":"https:\/\/anwaelte-da.de\/en\/","logo":{"@type":"ImageObject","inLanguage":"en-GB","@id":"https:\/\/anwaelte-da.de\/en\/#\/schema\/logo\/image\/","url":"https:\/\/anwaelte-da.de\/wp-content\/uploads\/2022\/11\/header.png","contentUrl":"https:\/\/anwaelte-da.de\/wp-content\/uploads\/2022\/11\/header.png","width":250,"height":39,"caption":"Rechtsanw\u00e4lte & Notare seit 1925 in Darmstadt"},"image":{"@id":"https:\/\/anwaelte-da.de\/en\/#\/schema\/logo\/image\/"},"mainEntityOfPage":{"@id":"https:\/\/anwaelte-da.de\/en\/mitarbeiter\/dr-wulf-albach\/"}}]}},"_links":{"self":[{"href":"https:\/\/anwaelte-da.de\/en\/wp-json\/wp\/v2\/mitarbeiter\/1732","targetHints":{"allow":["GET"]}}],"collection":[{"href":"https:\/\/anwaelte-da.de\/en\/wp-json\/wp\/v2\/mitarbeiter"}],"about":[{"href":"https:\/\/anwaelte-da.de\/en\/wp-json\/wp\/v2\/types\/mitarbeiter"}],"wp:featuredmedia":[{"embeddable":true,"href":"https:\/\/anwaelte-da.de\/en\/wp-json\/wp\/v2\/media\/1541"}],"wp:attachment":[{"href":"https:\/\/anwaelte-da.de\/en\/wp-json\/wp\/v2\/media?parent=1732"}],"wp:term":[{"taxonomy":"typ","embeddable":true,"href":"https:\/\/anwaelte-da.de\/en\/wp-json\/wp\/v2\/typ?post=1732"},{"taxonomy":"fachgebiet","embeddable":true,"href":"https:\/\/anwaelte-da.de\/en\/wp-json\/wp\/v2\/fachgebiet-taxonomy?post=1732"}],"curies":[{"name":"wp","href":"https:\/\/api.w.org\/{rel}","templated":true}]}}